{"id":209,"date":"2024-07-09T12:06:08","date_gmt":"2024-07-09T10:06:08","guid":{"rendered":"https:\/\/gazetagorska.pttk.pl\/?page_id=209"},"modified":"2024-07-10T15:48:27","modified_gmt":"2024-07-10T13:48:27","slug":"gazeta-gorska-nr-125-zima-2024","status":"publish","type":"page","link":"https:\/\/gazetagorska.pttk.pl\/index.php\/gazeta-gorska-nr-125-zima-2024\/","title":{"rendered":"Gazeta G\u00f3rska nr 125 zima 2024"},"content":{"rendered":"\n<div class=\"wp-block-group is-nowrap is-layout-flex wp-container-core-group-is-layout-6c531013 wp-block-group-is-layout-flex\">\n<div class=\"wp-block-group is-vertical is-layout-flex wp-container-core-group-is-layout-fe9cc265 wp-block-group-is-layout-flex\">\n<div class=\"wp-block-group is-nowrap is-layout-flex wp-container-core-group-is-layout-6c531013 wp-block-group-is-layout-flex\">\n<div class=\"wp-block-group is-nowrap is-layout-flex wp-container-core-group-is-layout-6c531013 wp-block-group-is-layout-flex\">\n<div class=\"wp-block-group is-vertical is-layout-flex wp-container-core-group-is-layout-fe9cc265 wp-block-group-is-layout-flex\">\n<div class=\"wp-block-group is-nowrap is-layout-flex wp-container-core-group-is-layout-6c531013 wp-block-group-is-layout-flex\">\n<figure class=\"wp-block-image size-large is-resized\"><a href=\"https:\/\/gazetagorska.pttk.pl\/\"><img loading=\"lazy\" decoding=\"async\" width=\"1024\" height=\"683\" src=\"https:\/\/gazetagorska.pttk.pl\/wp-content\/uploads\/2024\/07\/53673091156_e0df999a5f_m-1024x683.jpg\" alt=\"\" class=\"wp-image-111\" style=\"width:897px;height:auto\" srcset=\"https:\/\/gazetagorska.pttk.pl\/wp-content\/uploads\/2024\/07\/53673091156_e0df999a5f_m-1024x683.jpg 1024w, https:\/\/gazetagorska.pttk.pl\/wp-content\/uploads\/2024\/07\/53673091156_e0df999a5f_m-300x200.jpg 300w, https:\/\/gazetagorska.pttk.pl\/wp-content\/uploads\/2024\/07\/53673091156_e0df999a5f_m-768x512.jpg 768w, https:\/\/gazetagorska.pttk.pl\/wp-content\/uploads\/2024\/07\/53673091156_e0df999a5f_m-1536x1024.jpg 1536w, https:\/\/gazetagorska.pttk.pl\/wp-content\/uploads\/2024\/07\/53673091156_e0df999a5f_m.jpg 1920w\" sizes=\"auto, (max-width: 1024px) 100vw, 1024px\" \/><\/a><\/figure>\n<\/div>\n\n\n\n<h3 class=\"wp-block-heading\">Od redakcji<\/h3>\n\n\n\n<div class=\"wp-block-group is-nowrap is-layout-flex wp-container-core-group-is-layout-6c531013 wp-block-group-is-layout-flex\">\n<p> Zaczynamy d\u0142ugim tematem, bardzo d\u0142ugim i wiekowym. Pi\u0119\u0107set kilometr\u00f3w i sto lat w beskidzkiej przestrzeni. Du\u017co i d\u0142ugo! Zatem nale\u017cy si\u0119 du\u017ce i d\u0142ugie wyja\u015bnienie sk\u0105d si\u0119 to wzi\u0119\u0142o i dlaczego i jak zaistnia\u0142o. O czym mowa? O G\u0142\u00f3wnym Szlaku Beskidzkim! Najd\u0142u\u017cszy i z pewno\u015bci\u0105 najpopularniejszy szlak w polskich g\u00f3rach. <br>Co roku przemierzany w te i z powrotem przez setki czy nawet tysi\u0105ce turyst\u00f3w. Tak si\u0119 sk\u0142ada, \u017ce min\u0119\u0142o sto lat od jego powstania i o jego pocz\u0105tkach w\u0142a\u015bnie sporo mo\u017cna si\u0119 na kolejnych stronach dowiedzie\u0107. Polecamy w\u0119dr\u00f3wk\u0119 po pocz\u0105tkach historii GSB i po samym wsp\u00f3\u0142czesnym szlaku r\u00f3wnie\u017c! A poza tym co w g\u00f3rach? Sporo, jak zawsze! S\u0105 G\u00f3r Przekl\u0119te i s\u0105 g\u00f3ry bardzo pustynne. Zapraszamy te\u017c w g\u00f3ry grecko-wyspiarskie. Spacerowo i egzotycznie za razem.<br>Bli\u017csze spacery te\u017c mamy do zaproponowania \u2013 tatrza\u0144ska dolina Ma\u0142ej \u0141\u0105ki oraz sudecki Sokolik polecaj\u0105 si\u0119 na wycieczk\u0119. Mamy nadziej\u0119, \u017ce na kolejnych stronach podajemy troch\u0119 przyjemnej g\u00f3rskiej lektury. Mi\u0142ego czytania! Mi\u0142ego w\u0119drowania! Bo dobry czas teraz na to!<\/p>\n<\/div>\n<\/div>\n\n\n\n<p><\/p>\n<\/div>\n<\/div>\n<\/div>\n<\/div>\n\n\n\n<div class=\"wp-block-group is-nowrap is-layout-flex wp-container-core-group-is-layout-6c531013 wp-block-group-is-layout-flex\"><\/div>\n\n\n\n<div class=\"wp-block-group is-nowrap is-layout-flex wp-container-core-group-is-layout-f66f9956 wp-block-group-is-layout-flex\">\n<figure class=\"wp-block-image size-large\"><img loading=\"lazy\" decoding=\"async\" width=\"714\" height=\"1024\" src=\"https:\/\/gazetagorska.pttk.pl\/wp-content\/uploads\/2024\/07\/GG125-okladka-pol-714x1024.jpg\" alt=\"\" class=\"wp-image-55\"\/><\/figure>\n\n\n\n<div class=\"wp-block-group is-vertical is-layout-flex wp-container-core-group-is-layout-fe9cc265 wp-block-group-is-layout-flex\">\n<h3 class=\"wp-block-heading\">W numerze<\/h3>\n\n\n\n<p>CO NOWEGO W G\u00d3RACH? 4<br>Szybko, kr\u00f3tko \u2013 Marcin Bojarski, Raptularz G\u00f3rski \u2013 Janusz Konieczniak<\/p>\n\n\n\n<p>G\u00d3RY ZA MIEDZ\u0104 8<br>Wok\u00f3\u0142 G\u00f3r Przekl\u0119tych \u2013 Stanis\u0142aw Figiel<br><br>G\u00d3RY BLISKIE 16<br>Krzy\u017cna G\u00f3ra i Sokolik w Rudawach Janowickich \u2013 Tomasz Rzeczycki<br><br>S\u0141OWACKIE NA WYSPACH 22<br>Grecki \u201e\u017bar\u201d s\u0142usznie zwany Pantokratorem &#8211; Anna Kryszczak<br><br>G\u00d3RY ZA MIEDZ\u0104 S\u0104SIADA 34<br>Mi\u0119dzy Atlasem a Sahar\u0105. Drogami i \u015bcie\u017ckami maroka\u0144skiego po\u0142udnia \u2013 Jacek P\u0142onczy\u0144ski<br><br>G\u00d3RY NAJBLI\u017bSZE 48<br>Tajemnice ma\u0142e i du\u017ce Doliny Ma\u0142ej \u0141\u0105ki \u2013 Wojciech Szatkowski<br><br>G\u00d3RY I LUDZIE 56<br>Nie tylko ratownik. O tw\u00f3rczo\u015bci Mariusza Zaruskiego \u2013 Ma\u0142gorzata Bednorz<br><br>G\u00d3RY I HISTORIA 66<br>G\u0142\u00f3wny Szlak Beskidzki w Polskim Towarzystwie Tatrza\u0144skim \u2013 Jerzy Kap\u0142on<br><br>DZIEJE SI\u0118 W G\u00d3RACH 82<br>Szerpowie Nadzieii \u2013 Kinga Delimata i Tomasz Moskalik<br><br>G\u00d3RSKI PRZEGL\u0104D WYDAWNICZY 86<br>G\u00f3ra ksi\u0105\u017cek \u2013 Sebastian K\u0142osok<\/p>\n<\/div>\n<\/div>\n","protected":false},"excerpt":{"rendered":"<p>Od redakcji Zaczynamy d\u0142ugim tematem, bardzo d\u0142ugim i wiekowym. Pi\u0119\u0107set kilometr\u00f3w i sto lat w beskidzkiej przestrzeni. Du\u017co i d\u0142ugo! Zatem nale\u017cy si\u0119 du\u017ce i d\u0142ugie wyja\u015bnienie sk\u0105d si\u0119 to wzi\u0119\u0142o i dlaczego i jak zaistnia\u0142o. O czym mowa? O G\u0142\u00f3wnym Szlaku Beskidzkim! Najd\u0142u\u017cszy i z pewno\u015bci\u0105 najpopularniejszy szlak w polskich g\u00f3rach. Co roku przemierzany [&hellip;]<\/p>\n","protected":false},"author":3,"featured_media":0,"parent":0,"menu_order":0,"comment_status":"closed","ping_status":"closed","template":"","meta":{"footnotes":""},"class_list":["post-209","page","type-page","status-publish","hentry"],"_links":{"self":[{"href":"https:\/\/gazetagorska.pttk.pl\/index.php\/wp-json\/wp\/v2\/pages\/209","targetHints":{"allow":["GET"]}}],"collection":[{"href":"https:\/\/gazetagorska.pttk.pl\/index.php\/wp-json\/wp\/v2\/pages"}],"about":[{"href":"https:\/\/gazetagorska.pttk.pl\/index.php\/wp-json\/wp\/v2\/types\/page"}],"author":[{"embeddable":true,"href":"https:\/\/gazetagorska.pttk.pl\/index.php\/wp-json\/wp\/v2\/users\/3"}],"replies":[{"embeddable":true,"href":"https:\/\/gazetagorska.pttk.pl\/index.php\/wp-json\/wp\/v2\/comments?post=209"}],"version-history":[{"count":21,"href":"https:\/\/gazetagorska.pttk.pl\/index.php\/wp-json\/wp\/v2\/pages\/209\/revisions"}],"predecessor-version":[{"id":579,"href":"https:\/\/gazetagorska.pttk.pl\/index.php\/wp-json\/wp\/v2\/pages\/209\/revisions\/579"}],"wp:attachment":[{"href":"https:\/\/gazetagorska.pttk.pl\/index.php\/wp-json\/wp\/v2\/media?parent=209"}],"curies":[{"name":"wp","href":"https:\/\/api.w.org\/{rel}","templated":true}]}}