{"id":375,"date":"2024-07-09T13:55:13","date_gmt":"2024-07-09T11:55:13","guid":{"rendered":"https:\/\/gazetagorska.pttk.pl\/?page_id=375"},"modified":"2024-07-10T15:48:15","modified_gmt":"2024-07-10T13:48:15","slug":"gazeta-gorska-nr-124-jesien-2023","status":"publish","type":"page","link":"https:\/\/gazetagorska.pttk.pl\/index.php\/gazeta-gorska-nr-124-jesien-2023\/","title":{"rendered":"Gazeta G\u00f3rska nr 124 jesie\u0144 2023"},"content":{"rendered":"\n<div class=\"wp-block-group is-nowrap is-layout-flex wp-container-core-group-is-layout-6c531013 wp-block-group-is-layout-flex\">\n<div class=\"wp-block-group is-vertical is-layout-flex wp-container-core-group-is-layout-fe9cc265 wp-block-group-is-layout-flex\">\n<div class=\"wp-block-group is-nowrap is-layout-flex wp-container-core-group-is-layout-6c531013 wp-block-group-is-layout-flex\">\n<div class=\"wp-block-group is-nowrap is-layout-flex wp-container-core-group-is-layout-6c531013 wp-block-group-is-layout-flex\">\n<div class=\"wp-block-group is-vertical is-layout-flex wp-container-core-group-is-layout-fe9cc265 wp-block-group-is-layout-flex\">\n<div class=\"wp-block-group is-nowrap is-layout-flex wp-container-core-group-is-layout-6c531013 wp-block-group-is-layout-flex\">\n<figure class=\"wp-block-image size-large is-resized\"><a href=\"https:\/\/gazetagorska.pttk.pl\/\"><img loading=\"lazy\" decoding=\"async\" width=\"1024\" height=\"683\" src=\"https:\/\/gazetagorska.pttk.pl\/wp-content\/uploads\/2024\/07\/53134881724_fe63c5121e_m-1024x683.jpg\" alt=\"\" class=\"wp-image-377\" style=\"width:1113px;height:auto\" srcset=\"https:\/\/gazetagorska.pttk.pl\/wp-content\/uploads\/2024\/07\/53134881724_fe63c5121e_m-1024x683.jpg 1024w, https:\/\/gazetagorska.pttk.pl\/wp-content\/uploads\/2024\/07\/53134881724_fe63c5121e_m-300x200.jpg 300w, https:\/\/gazetagorska.pttk.pl\/wp-content\/uploads\/2024\/07\/53134881724_fe63c5121e_m-768x512.jpg 768w, https:\/\/gazetagorska.pttk.pl\/wp-content\/uploads\/2024\/07\/53134881724_fe63c5121e_m-1536x1024.jpg 1536w, https:\/\/gazetagorska.pttk.pl\/wp-content\/uploads\/2024\/07\/53134881724_fe63c5121e_m.jpg 1920w\" sizes=\"auto, (max-width: 1024px) 100vw, 1024px\" \/><\/a><\/figure>\n<\/div>\n\n\n\n<h3 class=\"wp-block-heading\">Od redakcji<\/h3>\n\n\n\n<div class=\"wp-block-group is-nowrap is-layout-flex wp-container-core-group-is-layout-6c531013 wp-block-group-is-layout-flex\">\n<p>Byle do lata! Po prostu byle do g\u00f3rskiego lata! Byle do jesieni! Byle do zimy, do wiosny\u2026 To has\u0142o tu zostanie na d\u0142u\u017cej! Zawsze aktualne, zawsze si\u0119 zgadza, wszystko jedno w jakich g\u00f3rach jeste\u015bmy, wszystko jedno jaka pogoda za oknem!<br>Bior\u0105c pod uwag\u0119, \u017ce wybieramy si\u0119 tym razem (cho\u0107 tylko na papierze) w g\u00f3ry do\u015b\u0107 odleg\u0142e i egzotyczne, to tym bardziej klasyczne pory roku nie maj\u0105 chwilowo znaczenia. A u nas w przyrodzie te\u017c namieszane, wi\u0119c podejd\u017amy do tematu mniej sztywno.<br>Podn\u00f3\u017ca Himalaj\u00f3w, G\u00f3ry Syczua\u0144skie, przepi\u0119kne wulkany La Palmy, dolina czarnog\u00f3rskiej Tary \u2013 ekscytuj\u0105co i daleko! Przy tym nawet Mont Blanc, g\u00f3ry Jury, a tym bardziej s\u0142owackie G\u00f3ry Slanskie wydaj\u0105 si\u0119 bardzo bliskim, g\u00f3rskim podw\u00f3rkiem. Nieodleg\u0142ym, ale jak\u017ce fascynuj\u0105cym! Zapraszamy do w\u0119dr\u00f3wki przez te nieoczywiste, g\u00f3rskie<br>grzbiety. Niech b\u0119d\u0105 inspiracj\u0105 do kolejnych wyjazd\u00f3w w daleki \u015bwiat albo mi\u0142ym marzeniem na kiedy\u015b\u2026<br>Zapraszamy do si\u0119gni\u0119cia po kolejny numer Gazety G\u00f3rskiej z \u017cyczeniami dobrych w\u0119dr\u00f3wek i dobrej lektury!<\/p>\n<\/div>\n<\/div>\n\n\n\n<p><\/p>\n<\/div>\n<\/div>\n<\/div>\n<\/div>\n\n\n\n<div class=\"wp-block-group is-nowrap is-layout-flex wp-container-core-group-is-layout-6c531013 wp-block-group-is-layout-flex\"><\/div>\n\n\n\n<div class=\"wp-block-group is-nowrap is-layout-flex wp-container-core-group-is-layout-f66f9956 wp-block-group-is-layout-flex\">\n<figure class=\"wp-block-image size-large\"><img loading=\"lazy\" decoding=\"async\" width=\"725\" height=\"1024\" src=\"https:\/\/gazetagorska.pttk.pl\/wp-content\/uploads\/2024\/07\/GG124-okladka-pol-725x1024.jpg\" alt=\"\" class=\"wp-image-95\" srcset=\"https:\/\/gazetagorska.pttk.pl\/wp-content\/uploads\/2024\/07\/GG124-okladka-pol-725x1024.jpg 725w, https:\/\/gazetagorska.pttk.pl\/wp-content\/uploads\/2024\/07\/GG124-okladka-pol-213x300.jpg 213w, https:\/\/gazetagorska.pttk.pl\/wp-content\/uploads\/2024\/07\/GG124-okladka-pol-768x1084.jpg 768w, https:\/\/gazetagorska.pttk.pl\/wp-content\/uploads\/2024\/07\/GG124-okladka-pol-1088x1536.jpg 1088w, https:\/\/gazetagorska.pttk.pl\/wp-content\/uploads\/2024\/07\/GG124-okladka-pol-1451x2048.jpg 1451w, https:\/\/gazetagorska.pttk.pl\/wp-content\/uploads\/2024\/07\/GG124-okladka-pol-scaled.jpg 1813w\" sizes=\"auto, (max-width: 725px) 100vw, 725px\" \/><\/figure>\n\n\n\n<div class=\"wp-block-group is-vertical is-layout-flex wp-container-core-group-is-layout-fe9cc265 wp-block-group-is-layout-flex\">\n<h3 class=\"wp-block-heading\">W numerze<\/h3>\n\n\n\n<p>CO NOWEGO W G\u00d3RACH? 4<br>Szybko, kr\u00f3tko \u2013 Marcin Bojarski, Raptularz G\u00f3rski \u2013 Janusz Konieczniak<br><br>G\u00d3RY BARDZO DALEKIE 8<br>Hailuogou. W cieniu syczua\u0144skiego \u201eDiablaka\u201d \u2013 Anna Kryszczak<br><br>G\u00d3RY DALEKIE 18<br>Doi Inhtanon, nie\u015bmia\u0142e podn\u00f3\u017ce Himalaj\u00f3w \u2013 Barbara P\u0142onczy\u0144ska<br><br>S\u0141OWACKIE SPACERY 24<br>G\u00f3ry Slanskie \u2013 Miros\u0142aw J. Bara\u0144ski<br><br>G\u00d3RY ZA MIEDZ\u0104 30<br>Na dachu Jury \u2013 Miros\u0142aw J. Bara\u0144ski<br><br>G\u00d3RY ZA MIEDZ\u0104 S\u0104SIADA 40<br>Tara, zielone g\u00f3ry nad zielon\u0105 rzek\u0105 \u2013 Janusz Tomasiewicz<br><br>G\u00d3RY I HISTORIA 50<br>Niebezpieczny Wodospad Kamie\u0144czyka w Szklarskiej Por\u0119bie \u2013 Tomasz Rzeczycki<br><br>G\u00d3RY I ZIMA 54<br>Gdzie na pierwsz\u0105 skitur\u0119 w sezonie? \u2013 Wojciech Szatkowski<br><br>DZIEJE SI\u0118 W G\u00d3RACH 60<br>150 lat TT-PTT-PTTK. Podsumowanie roku jubileuszowego \u2013 Sebastian K\u0142osok<br><br>G\u00d3RY ZA WOD\u0104 64<br>W drodze na La Palm\u0119, czyli przygody geolog\u00f3w na wulkanach \u2013 Jacek P\u0142onczy\u0144ski<br><br>G\u00d3RY ZA MIEDZ\u0104 78<br>Z Genewy pod Mont Blanc \u2013 Stanis\u0142aw Figiel<br><br>DZIEJE SI\u0118 W G\u00d3RACH 84<br>Rozstrzygni\u0119cie konkursu na najlepsze schronisko g\u00f3rskie PTTK<br><br>G\u00d3RSKI PRZEGL\u0104D WYDAWNICZY 86<br>G\u00f3ra ksi\u0105\u017cek \u2013 Sebastian K\u0142osok<\/p>\n<\/div>\n<\/div>\n","protected":false},"excerpt":{"rendered":"<p>Od redakcji Byle do lata! Po prostu byle do g\u00f3rskiego lata! Byle do jesieni! Byle do zimy, do wiosny\u2026 To has\u0142o tu zostanie na d\u0142u\u017cej! Zawsze aktualne, zawsze si\u0119 zgadza, wszystko jedno w jakich g\u00f3rach jeste\u015bmy, wszystko jedno jaka pogoda za oknem!Bior\u0105c pod uwag\u0119, \u017ce wybieramy si\u0119 tym razem (cho\u0107 tylko na papierze) w g\u00f3ry [&hellip;]<\/p>\n","protected":false},"author":3,"featured_media":0,"parent":0,"menu_order":0,"comment_status":"closed","ping_status":"closed","template":"","meta":{"footnotes":""},"class_list":["post-375","page","type-page","status-publish","hentry"],"_links":{"self":[{"href":"https:\/\/gazetagorska.pttk.pl\/index.php\/wp-json\/wp\/v2\/pages\/375","targetHints":{"allow":["GET"]}}],"collection":[{"href":"https:\/\/gazetagorska.pttk.pl\/index.php\/wp-json\/wp\/v2\/pages"}],"about":[{"href":"https:\/\/gazetagorska.pttk.pl\/index.php\/wp-json\/wp\/v2\/types\/page"}],"author":[{"embeddable":true,"href":"https:\/\/gazetagorska.pttk.pl\/index.php\/wp-json\/wp\/v2\/users\/3"}],"replies":[{"embeddable":true,"href":"https:\/\/gazetagorska.pttk.pl\/index.php\/wp-json\/wp\/v2\/comments?post=375"}],"version-history":[{"count":2,"href":"https:\/\/gazetagorska.pttk.pl\/index.php\/wp-json\/wp\/v2\/pages\/375\/revisions"}],"predecessor-version":[{"id":577,"href":"https:\/\/gazetagorska.pttk.pl\/index.php\/wp-json\/wp\/v2\/pages\/375\/revisions\/577"}],"wp:attachment":[{"href":"https:\/\/gazetagorska.pttk.pl\/index.php\/wp-json\/wp\/v2\/media?parent=375"}],"curies":[{"name":"wp","href":"https:\/\/api.w.org\/{rel}","templated":true}]}}