{"id":595,"date":"2024-07-10T16:14:59","date_gmt":"2024-07-10T14:14:59","guid":{"rendered":"https:\/\/gazetagorska.pttk.pl\/?page_id=595"},"modified":"2024-07-11T12:54:05","modified_gmt":"2024-07-11T10:54:05","slug":"gazeta-gorska-nr-122-wiosna-2023","status":"publish","type":"page","link":"https:\/\/gazetagorska.pttk.pl\/index.php\/gazeta-gorska-nr-122-wiosna-2023\/","title":{"rendered":"Gazeta G\u00f3rska nr\u00a0122 wiosna 2023"},"content":{"rendered":"\n<figure class=\"wp-block-image size-large\"><a href=\"https:\/\/gazetagorska.pttk.pl\/\"><img loading=\"lazy\" decoding=\"async\" width=\"1024\" height=\"723\" src=\"https:\/\/gazetagorska.pttk.pl\/wp-content\/uploads\/2024\/07\/mkII028a-2-male-1024x723.jpg\" alt=\"\" class=\"wp-image-597\" srcset=\"https:\/\/gazetagorska.pttk.pl\/wp-content\/uploads\/2024\/07\/mkII028a-2-male-1024x723.jpg 1024w, https:\/\/gazetagorska.pttk.pl\/wp-content\/uploads\/2024\/07\/mkII028a-2-male-300x212.jpg 300w, https:\/\/gazetagorska.pttk.pl\/wp-content\/uploads\/2024\/07\/mkII028a-2-male-768x542.jpg 768w, https:\/\/gazetagorska.pttk.pl\/wp-content\/uploads\/2024\/07\/mkII028a-2-male-1536x1084.jpg 1536w, https:\/\/gazetagorska.pttk.pl\/wp-content\/uploads\/2024\/07\/mkII028a-2-male.jpg 1920w\" sizes=\"auto, (max-width: 1024px) 100vw, 1024px\" \/><\/a><\/figure>\n\n\n\n<h3 class=\"wp-block-heading\">Od redakcji<\/h3>\n\n\n\n<p>\u015awi\u0119tujemy w tym roku! \u015awi\u0119ta s\u0105 super! Ale co \u015bwi\u0119tujemy? Rocznic\u0119 mamy ca\u0142kiem okr\u0105g\u0142\u0105! W tym roku mija 150 lat od powstania Towarzystwa Tatrza\u0144skiego! Przeczytacie w tym numerze jak to si\u0119 sta\u0142o, \u017ce z TT powsta\u0142o Polskie Towarzystwo  tatrza\u0144skie, a nast\u0119pnie dzisiejsze PTTK. Warto zagl\u0105dn\u0105\u0107 i zag\u0142\u0119bi\u0107 si\u0119 w niuanse tej historii. Od tego zaczynamy! A potem w g\u00f3ry! G\u00f3ry w\u0142a\u015bciwe!<br>S\u0142owe\u0144skie Karawanki, pi\u0119kny alba\u0144ski kanion, S\u0142owacja, via-ferraty w Pirenejach, G\u00f3ry Opawskie i Gorce. Du\u017co dobrego, g\u00f3rskiego terenu! W sumie sporo g\u00f3r troch\u0119 dalszych. Taka troch\u0119 inspiracja na lato? Pomys\u0142 na wakacje? Mo\u017ce tak! Polecam!<br>Troch\u0119 p\u0142ynnie z wiosny przechodzimy w lato, g\u0142adko i rozp\u0119dem lec\u0105c przez g\u00f3ry. Ca\u0142y czas w sumie w terenie, ale jednak czekamy na to prawdziwie wakacyjne szwendanie. Mo\u017ce to b\u0119d\u0105 powa\u017cne wyprawy w powa\u017cne g\u00f3ry, a mo\u017ce w\u0142a\u015bnie takie letnie snucie si\u0119 po bezdro\u017cach g\u00f3rskich przestrzeni.<br>Le\u0107my szybko przez t\u0105 pi\u0119kn\u0105 wiosn\u0119! Byle do lata! Po prostu byle do g\u00f3rskiego lata!<\/p>\n\n\n\n<div class=\"wp-block-group is-nowrap is-layout-flex wp-container-core-group-is-layout-f66f9956 wp-block-group-is-layout-flex\">\n<figure class=\"wp-block-image size-large\"><img loading=\"lazy\" decoding=\"async\" width=\"723\" height=\"1024\" src=\"https:\/\/gazetagorska.pttk.pl\/wp-content\/uploads\/2024\/07\/GG-wiosna-2023-okladka-male-723x1024.jpg\" alt=\"\" class=\"wp-image-99\" srcset=\"https:\/\/gazetagorska.pttk.pl\/wp-content\/uploads\/2024\/07\/GG-wiosna-2023-okladka-male-723x1024.jpg 723w, https:\/\/gazetagorska.pttk.pl\/wp-content\/uploads\/2024\/07\/GG-wiosna-2023-okladka-male-212x300.jpg 212w, https:\/\/gazetagorska.pttk.pl\/wp-content\/uploads\/2024\/07\/GG-wiosna-2023-okladka-male-768x1088.jpg 768w, https:\/\/gazetagorska.pttk.pl\/wp-content\/uploads\/2024\/07\/GG-wiosna-2023-okladka-male-1085x1536.jpg 1085w, https:\/\/gazetagorska.pttk.pl\/wp-content\/uploads\/2024\/07\/GG-wiosna-2023-okladka-male-1446x2048.jpg 1446w, https:\/\/gazetagorska.pttk.pl\/wp-content\/uploads\/2024\/07\/GG-wiosna-2023-okladka-male-scaled.jpg 1808w\" sizes=\"auto, (max-width: 723px) 100vw, 723px\" \/><\/figure>\n\n\n\n<div class=\"wp-block-group is-vertical is-layout-flex wp-container-core-group-is-layout-fe9cc265 wp-block-group-is-layout-flex\">\n<div class=\"wp-block-columns is-layout-flex wp-container-core-columns-is-layout-28f84493 wp-block-columns-is-layout-flex\">\n<div class=\"wp-block-column is-layout-flow wp-block-column-is-layout-flow\" style=\"flex-basis:100%\">\n<h3 class=\"wp-block-heading\">W numerze<\/h3>\n<\/div>\n<\/div>\n\n\n\n<div class=\"wp-block-columns is-layout-flex wp-container-core-columns-is-layout-28f84493 wp-block-columns-is-layout-flex\">\n<div class=\"wp-block-column is-layout-flow wp-block-column-is-layout-flow\" style=\"flex-basis:100%\">\n<p>CO NOWEGO W G\u00d3RACH? 4<br>Szybko, kr\u00f3tko \u2013 Marcin Bojarski, Raptularz G\u00f3rski \u2013 Janusz Konieczniak<br><br>G\u00d3RY I HISTORIA 8<br>Od Galicyjskiego do Polskiego Towarzystwa Tatrza\u0144skiego 1873\u20131950 \u2013 Jerzy Kap\u0142on<br><br>G\u00d3RY ZA MIEDZ\u0104 S\u0104SIADA 28<br>W Karawankach w 2022 roku i wcze\u015bniej \u2013 Jacek P\u0142onczy\u0144ski<br><br>S\u0141OWACKIE SPACERY 46<br>Jeszcze raz Ve\u013ek\u00e1 Chochu\u013ea \u2013 Miros\u0142aw J. Bara\u0144ski<br><br>G\u00d3RY ZA MIEDZ\u0104 DRUGIEGO S\u0104SIADA 54<br>Kanion Osumit w g\u00f3rach Albanii \u2013 Stanis\u0142aw Figiel<br><br>G\u00d3RY NAJBLI\u017bSZE 64<br>Wie\u017ce na Biskupiej Kopie w G\u00f3rach Opawskich \u2013 Tomasz Rzeczycki<br><br>DZIEJE SI\u0118 W G\u00d3RACH 72<br>Co s\u0142ycha\u0107 w Gorcza\u0144skim Parku Narodowym? \u2013 Monika Olszewska, GPN<br><br>G\u00d3RY TROCH\u0118 DALSZE 78<br>Pireneje \u015arodkowe, trekking i via-ferraty w Aragonii \u2013 Agnieszka Kami\u0144ska i Jerzy Olak<br><br>G\u00d3RSKI KONKURS 84 <br>Konkurs na najlepszy g\u00f3rski obiekt noclegowy PTTK<br><br>G\u00d3RY I KULTURA 85 <br>Kar\u0142owicz w Mangghdze \u2013 Sebastian K\u0142osok<br><br>G\u00d3RSKI PRZEGL\u0104D WYDAWNICZY 86 <br>G\u00f3ra ksi\u0105\u017cek \u2013 Sebastian K\u0142osok<\/p>\n<\/div>\n<\/div>\n<\/div>\n<\/div>\n","protected":false},"excerpt":{"rendered":"<p>Od redakcji \u015awi\u0119tujemy w tym roku! \u015awi\u0119ta s\u0105 super! Ale co \u015bwi\u0119tujemy? Rocznic\u0119 mamy ca\u0142kiem okr\u0105g\u0142\u0105! W tym roku mija 150 lat od powstania Towarzystwa Tatrza\u0144skiego! Przeczytacie w tym numerze jak to si\u0119 sta\u0142o, \u017ce z TT powsta\u0142o Polskie Towarzystwo tatrza\u0144skie, a nast\u0119pnie dzisiejsze PTTK. Warto zagl\u0105dn\u0105\u0107 i zag\u0142\u0119bi\u0107 si\u0119 w niuanse tej historii. Od [&hellip;]<\/p>\n","protected":false},"author":3,"featured_media":0,"parent":0,"menu_order":0,"comment_status":"closed","ping_status":"closed","template":"","meta":{"footnotes":""},"class_list":["post-595","page","type-page","status-publish","hentry"],"_links":{"self":[{"href":"https:\/\/gazetagorska.pttk.pl\/index.php\/wp-json\/wp\/v2\/pages\/595","targetHints":{"allow":["GET"]}}],"collection":[{"href":"https:\/\/gazetagorska.pttk.pl\/index.php\/wp-json\/wp\/v2\/pages"}],"about":[{"href":"https:\/\/gazetagorska.pttk.pl\/index.php\/wp-json\/wp\/v2\/types\/page"}],"author":[{"embeddable":true,"href":"https:\/\/gazetagorska.pttk.pl\/index.php\/wp-json\/wp\/v2\/users\/3"}],"replies":[{"embeddable":true,"href":"https:\/\/gazetagorska.pttk.pl\/index.php\/wp-json\/wp\/v2\/comments?post=595"}],"version-history":[{"count":3,"href":"https:\/\/gazetagorska.pttk.pl\/index.php\/wp-json\/wp\/v2\/pages\/595\/revisions"}],"predecessor-version":[{"id":607,"href":"https:\/\/gazetagorska.pttk.pl\/index.php\/wp-json\/wp\/v2\/pages\/595\/revisions\/607"}],"wp:attachment":[{"href":"https:\/\/gazetagorska.pttk.pl\/index.php\/wp-json\/wp\/v2\/media?parent=595"}],"curies":[{"name":"wp","href":"https:\/\/api.w.org\/{rel}","templated":true}]}}