{"id":689,"date":"2024-07-11T15:29:21","date_gmt":"2024-07-11T13:29:21","guid":{"rendered":"https:\/\/gazetagorska.pttk.pl\/?page_id=689"},"modified":"2024-07-11T15:31:27","modified_gmt":"2024-07-11T13:31:27","slug":"gazeta-gorska-nr-120-jesien-2022","status":"publish","type":"page","link":"https:\/\/gazetagorska.pttk.pl\/index.php\/gazeta-gorska-nr-120-jesien-2022\/","title":{"rendered":"Gazeta G\u00f3rska nr\u00a0120 jesie\u0144 2022"},"content":{"rendered":"\n<figure class=\"wp-block-image size-large\"><a href=\"https:\/\/gazetagorska.pttk.pl\/\"><img loading=\"lazy\" decoding=\"async\" width=\"1024\" height=\"683\" src=\"https:\/\/gazetagorska.pttk.pl\/wp-content\/uploads\/2024\/07\/52435123493_e3be1616fc_m-1024x683.jpg\" alt=\"\" class=\"wp-image-691\" srcset=\"https:\/\/gazetagorska.pttk.pl\/wp-content\/uploads\/2024\/07\/52435123493_e3be1616fc_m-1024x683.jpg 1024w, https:\/\/gazetagorska.pttk.pl\/wp-content\/uploads\/2024\/07\/52435123493_e3be1616fc_m-300x200.jpg 300w, https:\/\/gazetagorska.pttk.pl\/wp-content\/uploads\/2024\/07\/52435123493_e3be1616fc_m-768x512.jpg 768w, https:\/\/gazetagorska.pttk.pl\/wp-content\/uploads\/2024\/07\/52435123493_e3be1616fc_m-1536x1024.jpg 1536w, https:\/\/gazetagorska.pttk.pl\/wp-content\/uploads\/2024\/07\/52435123493_e3be1616fc_m.jpg 1920w\" sizes=\"auto, (max-width: 1024px) 100vw, 1024px\" \/><\/a><\/figure>\n\n\n\n<h3 class=\"wp-block-heading\">Od&nbsp;redakcji<\/h3>\n\n\n\n<p>Czemu tak bardzo chcemy wiedzie\u0107 jak wysokie s\u0105 g\u00f3ry, na kt\u00f3re wychodzimy? Po co nam to? Jakie ma znaczenie kt\u00f3ra jest najwy\u017csza, kt\u00f3ra jest ni\u017csza? W czym tkwi ta magia wysoko\u015bci, dok\u0142adnej wysoko\u015bci, bardzo dok\u0142adnej wysoko\u015bci? Ciekawe, bo wsp\u00f3\u0142rz\u0119dne poziome nie maj\u0105 dla nas tak du\u017cego znaczenia w codziennej turystyce. Pos\u0142ugujemy si\u0119 nimi, oczywi\u015bcie, u\u017cywaj\u0105c map, nawigacji, wysy\u0142aj\u0105c lokalizacyjne pinezki. Ale tak naprawd\u0119 nie wa\u017cne s\u0105 ich warto\u015bci. Sk\u0105d si\u0119 bierze zatem ten kult wsp\u00f3\u0142rz\u0119dnej pionowej? Po co nam to? Dlaczego nie mo\u017cemy po prostu wle\u017a\u0107 na g\u00f3r\u0119 i stwierdzi\u0107, \u017ce jest \u0142adnie, b\u0119d\u0105c zadowolonym ze swojego wyczynu? Dlaczego, cho\u0107by na naszych \u0142amach, tak cz\u0119sto pojawia si\u0119 skr\u00f3t m n.p.m.? Odpowiedzi na te pytania nawet nie staramy si\u0119 udziela\u0107, ale kilka s\u0142\u00f3w na temat sposobu dok\u0142adnego mierzenia wysoko\u015bci g\u00f3r w tym numerze odnajdziecie. Je\u015bli jednak taka precyzja nie jest priorytetem w poznawaniu g\u00f3r, mo\u017cna si\u0119 przyjemno\u015bciowo zanurzy\u0107 w opowie\u015bci o w\u0119drowaniu po Alpach Julijskich, Ma\u0142ej Fatrze, g\u00f3rach Bu\u0142garii czy po Beskidzie Niskim. Jesienne zanurzenie w kolorze, resztkach ciep\u0142ego s\u0142o\u0144ca, niech b\u0119dzie dobrym wspomnieniem przed mro\u017anym atakiem zimy. I tak wszystko zale\u017cy od punktu odniesienia. A co je\u015bli go zmienimy?<\/p>\n\n\n\n<div class=\"wp-block-columns is-layout-flex wp-container-core-columns-is-layout-28f84493 wp-block-columns-is-layout-flex\">\n<div class=\"wp-block-column has-global-padding is-layout-constrained wp-block-column-is-layout-constrained\" style=\"flex-basis:50%\">\n<figure class=\"wp-block-image size-large\"><img loading=\"lazy\" decoding=\"async\" width=\"717\" height=\"1024\" src=\"https:\/\/gazetagorska.pttk.pl\/wp-content\/uploads\/2024\/07\/GG-okladka-jesien-2022-2-717x1024.jpg\" alt=\"\" class=\"wp-image-305\" srcset=\"https:\/\/gazetagorska.pttk.pl\/wp-content\/uploads\/2024\/07\/GG-okladka-jesien-2022-2-717x1024.jpg 717w, https:\/\/gazetagorska.pttk.pl\/wp-content\/uploads\/2024\/07\/GG-okladka-jesien-2022-2-210x300.jpg 210w, https:\/\/gazetagorska.pttk.pl\/wp-content\/uploads\/2024\/07\/GG-okladka-jesien-2022-2-768x1097.jpg 768w, https:\/\/gazetagorska.pttk.pl\/wp-content\/uploads\/2024\/07\/GG-okladka-jesien-2022-2-1075x1536.jpg 1075w, https:\/\/gazetagorska.pttk.pl\/wp-content\/uploads\/2024\/07\/GG-okladka-jesien-2022-2-1433x2048.jpg 1433w, https:\/\/gazetagorska.pttk.pl\/wp-content\/uploads\/2024\/07\/GG-okladka-jesien-2022-2-scaled.jpg 1792w\" sizes=\"auto, (max-width: 717px) 100vw, 717px\" \/><\/figure>\n<\/div>\n\n\n\n<div class=\"wp-block-column is-layout-flow wp-block-column-is-layout-flow\" style=\"flex-basis:50%\">\n<div class=\"wp-block-group has-global-padding is-layout-constrained wp-block-group-is-layout-constrained\">\n<h3 class=\"wp-block-heading\">W&nbsp;numerze<\/h3>\n\n\n\n<p>CO NOWEGO W G\u00d3RACH? 4<br>Szybko, kr\u00f3tko \u2013 Marcin Bojarski, Raptularz G\u00f3rski \u2013 Janusz Konieczniak<\/p>\n\n\n\n<p>G\u00d3RY NAUKOWO 8<br>Wysoko\u015bci polskich szczyt\u00f3w. Geodeci na szlaku \u2013 Krzysztof So\u015bnica i inni<\/p>\n\n\n\n<p>G\u00d3RY ZA MIEDZ\u0104 S\u0104SIADA 26<br>Zn\u00f3w jad\u0119 na po\u0142udnie\u2026 W Alpach Julijskich, Friuli-Wenecja Julijska \u2013 Jacek P\u0142onczy\u0144ski<\/p>\n\n\n\n<p>S\u0141OWACKIE SPACERY 40<br>Ma\u0142a Fatra? A w\u0142a\u015bciwie dlaczego nie! \u2013 Miros\u0142aw J. Bara\u0144ski<\/p>\n\n\n\n<p>G\u00d3RY I LUDZIE 52<br>Co s\u0142ycha\u0107 w GOPR jesieni\u0105? \u2013 Pawe\u0142 Konieczny<\/p>\n\n\n\n<p>WIDOKI Z G\u00d3RY 58<br>Wie\u017ca na \u015al\u0119\u017cy \u2013 Tomasz Rzeczycki<\/p>\n\n\n\n<p>G\u00d3RY ZA MIEDZ\u0104 S\u0104SIADA 64<br>W g\u00f3rach Bu\u0142garii. Troja\u0144ska Prze\u0142\u0119cz i Troja\u0144ski Monastyr \u2013 Stanis\u0142aw Figiel<\/p>\n\n\n\n<p>G\u00d3RY NAJBLI\u017bSZE 70<br>Magiczna dolina na kr\u00f3tki jesienny spacer \u2013 Wojciech Szatkowski<\/p>\n\n\n\n<p>DZIEJE SI\u0118 W G\u00d3RACH 78<br>Szlaki turystyczne Ma\u0142opolski \u2013 COTG PTTK<\/p>\n\n\n\n<p>G\u00d3RSKI PRZEGL\u0104D WYDAWNICZY 84 <br>G\u00f3ra ksi\u0105\u017cek \u2013 Sebastian K\u0142osok<\/p>\n<\/div>\n<\/div>\n<\/div>\n","protected":false},"excerpt":{"rendered":"<p>Od&nbsp;redakcji Czemu tak bardzo chcemy wiedzie\u0107 jak wysokie s\u0105 g\u00f3ry, na kt\u00f3re wychodzimy? Po co nam to? Jakie ma znaczenie kt\u00f3ra jest najwy\u017csza, kt\u00f3ra jest ni\u017csza? W czym tkwi ta magia wysoko\u015bci, dok\u0142adnej wysoko\u015bci, bardzo dok\u0142adnej wysoko\u015bci? Ciekawe, bo wsp\u00f3\u0142rz\u0119dne poziome nie maj\u0105 dla nas tak du\u017cego znaczenia w codziennej turystyce. Pos\u0142ugujemy si\u0119 nimi, oczywi\u015bcie, [&hellip;]<\/p>\n","protected":false},"author":3,"featured_media":0,"parent":0,"menu_order":0,"comment_status":"closed","ping_status":"closed","template":"","meta":{"footnotes":""},"class_list":["post-689","page","type-page","status-publish","hentry"],"_links":{"self":[{"href":"https:\/\/gazetagorska.pttk.pl\/index.php\/wp-json\/wp\/v2\/pages\/689","targetHints":{"allow":["GET"]}}],"collection":[{"href":"https:\/\/gazetagorska.pttk.pl\/index.php\/wp-json\/wp\/v2\/pages"}],"about":[{"href":"https:\/\/gazetagorska.pttk.pl\/index.php\/wp-json\/wp\/v2\/types\/page"}],"author":[{"embeddable":true,"href":"https:\/\/gazetagorska.pttk.pl\/index.php\/wp-json\/wp\/v2\/users\/3"}],"replies":[{"embeddable":true,"href":"https:\/\/gazetagorska.pttk.pl\/index.php\/wp-json\/wp\/v2\/comments?post=689"}],"version-history":[{"count":2,"href":"https:\/\/gazetagorska.pttk.pl\/index.php\/wp-json\/wp\/v2\/pages\/689\/revisions"}],"predecessor-version":[{"id":697,"href":"https:\/\/gazetagorska.pttk.pl\/index.php\/wp-json\/wp\/v2\/pages\/689\/revisions\/697"}],"wp:attachment":[{"href":"https:\/\/gazetagorska.pttk.pl\/index.php\/wp-json\/wp\/v2\/media?parent=689"}],"curies":[{"name":"wp","href":"https:\/\/api.w.org\/{rel}","templated":true}]}}