{"id":699,"date":"2024-07-11T15:38:35","date_gmt":"2024-07-11T13:38:35","guid":{"rendered":"https:\/\/gazetagorska.pttk.pl\/?page_id=699"},"modified":"2024-07-11T15:38:35","modified_gmt":"2024-07-11T13:38:35","slug":"gazeta-gorska-nr-119-lato-2022","status":"publish","type":"page","link":"https:\/\/gazetagorska.pttk.pl\/index.php\/gazeta-gorska-nr-119-lato-2022\/","title":{"rendered":"Gazeta G\u00f3rska nr\u00a0119 lato 2022"},"content":{"rendered":"\n<figure class=\"wp-block-image size-large\"><a href=\"https:\/\/gazetagorska.pttk.pl\/\"><img loading=\"lazy\" decoding=\"async\" width=\"1024\" height=\"683\" src=\"https:\/\/gazetagorska.pttk.pl\/wp-content\/uploads\/2024\/07\/52289705501_180ca992bc_m-1024x683.jpg\" alt=\"\" class=\"wp-image-701\" srcset=\"https:\/\/gazetagorska.pttk.pl\/wp-content\/uploads\/2024\/07\/52289705501_180ca992bc_m-1024x683.jpg 1024w, https:\/\/gazetagorska.pttk.pl\/wp-content\/uploads\/2024\/07\/52289705501_180ca992bc_m-300x200.jpg 300w, https:\/\/gazetagorska.pttk.pl\/wp-content\/uploads\/2024\/07\/52289705501_180ca992bc_m-768x512.jpg 768w, https:\/\/gazetagorska.pttk.pl\/wp-content\/uploads\/2024\/07\/52289705501_180ca992bc_m-1536x1024.jpg 1536w, https:\/\/gazetagorska.pttk.pl\/wp-content\/uploads\/2024\/07\/52289705501_180ca992bc_m.jpg 1920w\" sizes=\"auto, (max-width: 1024px) 100vw, 1024px\" \/><\/a><\/figure>\n\n\n\n<h3 class=\"wp-block-heading\">Od&nbsp;redakcji<\/h3>\n\n\n\n<p>Wakacje s\u0105 wtedy, kiedy robimy sobie wakacje, a lato znajdziemy w jakim\u015b zak\u0105tku Ziemi w ka\u017cdym momencie.<br>W zwi\u0105zku z tym lata nie odwo\u0142ujemy! Tylko si\u0119 nim nieustaj\u0105co upajamy! I korzystamy! Ba\u0142kany, po\u0142udnie Europy, kraje Morza \u015ar\u00f3dziemnego\u2026 Brzmi wakacyjnie, nie? Ale nie, nie, nie b\u0119dziemy p\u0142ywa\u0107 w Adriatyku czy Morza Egejskiego i wygrzewa\u0107 si\u0119 na skalistych pla\u017cach. Tam te\u017c s\u0105 g\u00f3ry! I to jakie! Zapraszamy w g\u00f3rskie zak\u0105tki Albanii oraz na boski Olimp. Oczywi\u015bcie upalna pogoda wraz z pi\u0119knymi widokami w pakiecie! Mo\u017cna jak zwykle skoczy\u0107 na letni spacer na S\u0142owacj\u0119. Tam g\u00f3rska przestrze\u0144 zaskakuje zawsze, cho\u0107 cz\u0142owiek dobrze wie, \u017ce to ma\u0142y kraj, kt\u00f3ry ma du\u017co g\u00f3r. Jednak mimo to, za ka\u017cdym razem ogrom i jako\u015b\u0107 tej przestrzeni zatyka przy pierwszym widoku. Korzystajcie, bo blisko! Mo\u017cna te\u017c skoczy\u0107 w Sudety, mo\u017cna si\u0119 ukulturalni\u0107 w Zakopanem. Mo\u017cna! Wakacjujcie si\u0119 dalej i do woli. Tego \u017cyczymy, nawet, jak to wydaje si\u0119 chwilowo niemo\u017cliwe. Tylko chwilowo! A dla tych co wol\u0105 ch\u0142odniejsze klimaty, ju\u017c mamy ma\u0142\u0105, karkonosk\u0105 zapowied\u017a zimy. Ale spokojnie, jeszcze d\u0142uga i kolorowa jesie\u0144 przed nami. B\u0105d\u017acie czujni, \u017ceby jej nie przegapi\u0107, bo tak mimochodem i po cichu po naszych g\u00f3rach si\u0119 b\u0119dzie przez jaki\u015b czas szwenda\u0107\u2026 Na nasze \u0142amy przyjdzie za chwil\u0119.<\/p>\n\n\n\n<div class=\"wp-block-group is-nowrap is-layout-flex wp-container-core-group-is-layout-f66f9956 wp-block-group-is-layout-flex\">\n<figure class=\"wp-block-image size-large\"><img loading=\"lazy\" decoding=\"async\" width=\"724\" height=\"1024\" src=\"https:\/\/gazetagorska.pttk.pl\/wp-content\/uploads\/2024\/07\/DRUK-GG-okladka-lato-2022-pol-724x1024.jpg\" alt=\"\" class=\"wp-image-307\" srcset=\"https:\/\/gazetagorska.pttk.pl\/wp-content\/uploads\/2024\/07\/DRUK-GG-okladka-lato-2022-pol-724x1024.jpg 724w, https:\/\/gazetagorska.pttk.pl\/wp-content\/uploads\/2024\/07\/DRUK-GG-okladka-lato-2022-pol-212x300.jpg 212w, https:\/\/gazetagorska.pttk.pl\/wp-content\/uploads\/2024\/07\/DRUK-GG-okladka-lato-2022-pol-768x1086.jpg 768w, https:\/\/gazetagorska.pttk.pl\/wp-content\/uploads\/2024\/07\/DRUK-GG-okladka-lato-2022-pol-1086x1536.jpg 1086w, https:\/\/gazetagorska.pttk.pl\/wp-content\/uploads\/2024\/07\/DRUK-GG-okladka-lato-2022-pol-1448x2048.jpg 1448w, https:\/\/gazetagorska.pttk.pl\/wp-content\/uploads\/2024\/07\/DRUK-GG-okladka-lato-2022-pol-scaled.jpg 1810w\" sizes=\"auto, (max-width: 724px) 100vw, 724px\" \/><\/figure>\n\n\n\n<div class=\"wp-block-group has-global-padding is-layout-constrained wp-block-group-is-layout-constrained\">\n<h3 class=\"wp-block-heading\">W&nbsp;numerze<\/h3>\n\n\n\n<p>CO NOWEGO W G\u00d3RACH? 4<br>Szybko, kr\u00f3tko \u2013 Marcin Bojarski, Raptularz G\u00f3rski \u2013 Janusz Konieczniak<\/p>\n\n\n\n<p>G\u00d3RY ZA MIEDZ\u0104 S\u0104SIADA 8<br>Jad\u0105c do Vermosh. Alpy Alba\u0144skie, Shqip\u00ebria \u2013 Jacek P\u0142onczy\u0144ski<\/p>\n\n\n\n<p>G\u00d3RSKI KLIMAT 24<br>Beskid Niski i s\u0142odka przyjemno\u015b\u0107 \u2013 artyku\u0142 sponsorowany<\/p>\n\n\n\n<p>S\u0141OWACKIE SPACERY 26<br>Wielkim zakosem z Chopoka na Kosodrevin\u0119 \u2013 Miros\u0142aw J. Bara\u0144ski<\/p>\n\n\n\n<p>G\u00d3RY ZA MIEDZ\u0104 S\u0104SIADA 36<br>Olimp z gr\u0105 wst\u0119pn\u0105 \u2013 Ryszard August<\/p>\n\n\n\n<p>G\u00d3RY KOLEJOWE 42<br>Linia kolejowa Kamienna G\u00f3ra \u2013 Jelenia G\u00f3ra \u2013 Tomasz Rzeczycki<\/p>\n\n\n\n<p>G\u00d3RY i NARTY 48<br>Karkonoskie wyrypy i przygody z kaw\u0105, \u015bniegiem i nartami\u2026 \u2013 Wojciech Szatkowski<\/p>\n\n\n\n<p>G\u00d3RSKIE TAJEMNICE 54<br>Skrzyczne rozwik\u0142ane \u2013 Kinga Pietraszko<\/p>\n\n\n\n<p>G\u00d3RY I LUDZIE 62<br>Jak uzyska\u0107 stopie\u0144 ratownika g\u00f3rskiego? \u2013 Pawe\u0142 Konieczny<\/p>\n\n\n\n<p>G\u00d3RSKIE SPOTKANIA 68<br>Hakuna matata na Rohaczach \u2013 Bartek Dobroch<\/p>\n\n\n\n<p>G\u00d3RY I KULTURA 74<br>R\u00f3\u017c i ju\u017c! W nowej ods\u0142onie, z dawnym blaskiem \u2013 Ryszard M. Remiszewski<\/p>\n\n\n\n<p>HISTORIA Z G\u00d3R 78<br>100 lat schroniska PTTK na Sto\u017cku \u2013 Miros\u0142aw J. Bara\u0144ski<\/p>\n\n\n\n<p>G\u00d3RSKIE WYDARZENIA 84 <br>COTG PTTK na 27. Festiwalu G\u00f3rskim w L\u0105dku Zdroju \u2013 Sebastian K\u0142osok<\/p>\n\n\n\n<p>G\u00d3RSKI PRZEGL\u0104D WYDAWNICZY 86 <br>G\u00f3ry i Skrzyd\u0142a, G\u00f3ralska Muzyka, G\u00f3ra ksi\u0105\u017cek \u2013 Sebastian K\u0142osok<\/p>\n\n\n\n<p><\/p>\n<\/div>\n<\/div>\n","protected":false},"excerpt":{"rendered":"<p>Od&nbsp;redakcji Wakacje s\u0105 wtedy, kiedy robimy sobie wakacje, a lato znajdziemy w jakim\u015b zak\u0105tku Ziemi w ka\u017cdym momencie.W zwi\u0105zku z tym lata nie odwo\u0142ujemy! Tylko si\u0119 nim nieustaj\u0105co upajamy! I korzystamy! Ba\u0142kany, po\u0142udnie Europy, kraje Morza \u015ar\u00f3dziemnego\u2026 Brzmi wakacyjnie, nie? Ale nie, nie, nie b\u0119dziemy p\u0142ywa\u0107 w Adriatyku czy Morza Egejskiego i wygrzewa\u0107 si\u0119 na [&hellip;]<\/p>\n","protected":false},"author":3,"featured_media":0,"parent":0,"menu_order":0,"comment_status":"closed","ping_status":"closed","template":"","meta":{"footnotes":""},"class_list":["post-699","page","type-page","status-publish","hentry"],"_links":{"self":[{"href":"https:\/\/gazetagorska.pttk.pl\/index.php\/wp-json\/wp\/v2\/pages\/699","targetHints":{"allow":["GET"]}}],"collection":[{"href":"https:\/\/gazetagorska.pttk.pl\/index.php\/wp-json\/wp\/v2\/pages"}],"about":[{"href":"https:\/\/gazetagorska.pttk.pl\/index.php\/wp-json\/wp\/v2\/types\/page"}],"author":[{"embeddable":true,"href":"https:\/\/gazetagorska.pttk.pl\/index.php\/wp-json\/wp\/v2\/users\/3"}],"replies":[{"embeddable":true,"href":"https:\/\/gazetagorska.pttk.pl\/index.php\/wp-json\/wp\/v2\/comments?post=699"}],"version-history":[{"count":1,"href":"https:\/\/gazetagorska.pttk.pl\/index.php\/wp-json\/wp\/v2\/pages\/699\/revisions"}],"predecessor-version":[{"id":703,"href":"https:\/\/gazetagorska.pttk.pl\/index.php\/wp-json\/wp\/v2\/pages\/699\/revisions\/703"}],"wp:attachment":[{"href":"https:\/\/gazetagorska.pttk.pl\/index.php\/wp-json\/wp\/v2\/media?parent=699"}],"curies":[{"name":"wp","href":"https:\/\/api.w.org\/{rel}","templated":true}]}}