{"id":935,"date":"2025-05-15T12:03:27","date_gmt":"2025-05-15T10:03:27","guid":{"rendered":"https:\/\/gazetagorska.pttk.pl\/?page_id=935"},"modified":"2025-05-15T12:03:27","modified_gmt":"2025-05-15T10:03:27","slug":"gazeta-gorska-nr-129-2025","status":"publish","type":"page","link":"https:\/\/gazetagorska.pttk.pl\/index.php\/gazeta-gorska-nr-129-2025\/","title":{"rendered":"Gazeta G\u00f3rska nr\u00a0129 2025"},"content":{"rendered":"\n<figure class=\"wp-block-image size-large\" id=\"block-55743330-2317-4d7d-ac66-aab36ca5e5a1\"><img loading=\"lazy\" decoding=\"async\" width=\"1024\" height=\"644\" src=\"https:\/\/gazetagorska.pttk.pl\/wp-content\/uploads\/2025\/05\/53640517735_55cc5b3382_o2-1024x644.jpg\" alt=\"\" class=\"wp-image-937\" srcset=\"https:\/\/gazetagorska.pttk.pl\/wp-content\/uploads\/2025\/05\/53640517735_55cc5b3382_o2-1024x644.jpg 1024w, https:\/\/gazetagorska.pttk.pl\/wp-content\/uploads\/2025\/05\/53640517735_55cc5b3382_o2-300x189.jpg 300w, https:\/\/gazetagorska.pttk.pl\/wp-content\/uploads\/2025\/05\/53640517735_55cc5b3382_o2-768x483.jpg 768w, https:\/\/gazetagorska.pttk.pl\/wp-content\/uploads\/2025\/05\/53640517735_55cc5b3382_o2-1536x966.jpg 1536w, https:\/\/gazetagorska.pttk.pl\/wp-content\/uploads\/2025\/05\/53640517735_55cc5b3382_o2.jpg 1920w\" sizes=\"auto, (max-width: 1024px) 100vw, 1024px\" \/><\/figure>\n\n\n\n<h3 class=\"wp-block-heading\" id=\"block-0051bfc6-2b1b-4e1a-bc2d-5cda53067db3\">Od redakcji<\/h3>\n\n\n\n<p id=\"block-99167873-4318-4615-b983-b12943acfea1\">Zimy w tym roku nie by\u0142o w g\u00f3rach w\u0142a\u015bciwie wcale. Jedni si\u0119 ciesz\u0105, bo nie zmarzli, inni smuc\u0105, bo jak\u017cesz to tak bez \u015bniegu w g\u00f3rach\u2026 Wszyscy s\u0105 chyba zaskoczeniu i zaniepokojeni, bo to ju\u017c druga taka zima \u2013 nie-zima. Wiosna za to wybuch\u0142a! Zieleni\u0105, ciep\u0142em, zapachem! I susz\u0105\u2026 Pi\u0119knie, ale wci\u0105\u017c niepokoj\u0105co. Co b\u0119dzie latem? <br>W poszukiwaniu prawdziwego ciep\u0142a Zn\u00f3w pojedziemy do Maroka, kontynuuj\u0105c nasz\u0105 eksploracj\u0119 tamtejszych g\u00f3r. Ciepe\u0142ko te\u017c znajdziemy na Cyprze, wielce g\u00f3rzystym Cyprze! Zapraszamy te\u017c w Tatry, tak w troch\u0119 nieoczywisty spos\u00f3b. Najpierw spotkamy si\u0119 z Janem Kasprowiczem i W\u0142adys\u0142awem Cywi\u0144skim, a potem zaczytamy si\u0119 w tajemnicze, tatrza\u0144skie r\u0119kopisy! Mo\u017cna te\u017c z nami pow\u0119drowa\u0107 po g\u00f3rach na pograniczu: po polsko-czeskich G\u00f3rach Izerskich i po s\u0142owacko-w\u0119gierskich G\u00f3rach Tokajsko-Sla\u0144skich. A na koniec wybra\u0107 si\u0119 w daleki \u015bwiat za oceanem \u2013 w G\u00f3ry Skaliste.<br>Jest te\u017c lekki powiew zimy, takiej tegorocznej zimy, kt\u00f3rej prawie nie by\u0142o. Ale jak kto\u015b bardzo chcia\u0142, to i \u015bnieg na narty skiturowe znalaz\u0142! A gdzie? Poczytajcie! No wa\u015bnie! Czytajcie! Czytajcie o g\u00f3rach, najlepiej w g\u00f3rach!<\/p>\n\n\n\n<figure class=\"wp-block-image size-large\" id=\"block-4524a194-a78c-4c52-9449-e01296d5bda9\"><img loading=\"lazy\" decoding=\"async\" width=\"720\" height=\"1024\" src=\"https:\/\/gazetagorska.pttk.pl\/wp-content\/uploads\/2025\/05\/GG129-okladka-DRUK-pol-720x1024.jpg\" alt=\"\" class=\"wp-image-929\" srcset=\"https:\/\/gazetagorska.pttk.pl\/wp-content\/uploads\/2025\/05\/GG129-okladka-DRUK-pol-720x1024.jpg 720w, https:\/\/gazetagorska.pttk.pl\/wp-content\/uploads\/2025\/05\/GG129-okladka-DRUK-pol-211x300.jpg 211w, https:\/\/gazetagorska.pttk.pl\/wp-content\/uploads\/2025\/05\/GG129-okladka-DRUK-pol-768x1092.jpg 768w, https:\/\/gazetagorska.pttk.pl\/wp-content\/uploads\/2025\/05\/GG129-okladka-DRUK-pol-1080x1536.jpg 1080w, https:\/\/gazetagorska.pttk.pl\/wp-content\/uploads\/2025\/05\/GG129-okladka-DRUK-pol-1440x2048.jpg 1440w, https:\/\/gazetagorska.pttk.pl\/wp-content\/uploads\/2025\/05\/GG129-okladka-DRUK-pol-scaled.jpg 1800w\" sizes=\"auto, (max-width: 720px) 100vw, 720px\" \/><\/figure>\n\n\n\n<h3 class=\"wp-block-heading\" id=\"block-c9736b10-2952-4471-ad7e-9af0ab1fc11f\">W numerze<\/h3>\n\n\n\n<p id=\"block-efccf7f9-0382-46d0-af3b-d5b40cdaba35\">CO NOWEGO W G\u00d3RACH? 4<br>Szybko, kr\u00f3tko \u2013 Marcin Bojarski, Raptularz G\u00f3rski \u2013 Janusz Konieczniak<\/p>\n\n\n\n<p>G\u00d3RY ZA MIEDZ\u0104 S\u0104SIADA 8<br>Z Sahary przez Jbel Saghro nad Atlantyk \u2013 Jacek P\u0142onczy\u0144ski<\/p>\n\n\n\n<p>G\u00d3RY I LUDZIE 22 <br>Jan Kasprowicz w Poroninie \u2013 Ma\u0142gorzata Bednorz<\/p>\n\n\n\n<p>G\u00d3RY I WYSPY 32<br>Cypr. \u015aladami Afrodyty \u2013 Anna Kryszczak<\/p>\n\n\n\n<p>S\u0141OWACKI SPACER 40<br>Na s\u0142owacko-w\u0119gierskim pograniczu G\u00f3ry Tokajsko-Sla\u0144skie \u2013 Miros\u0142aw J. Bara\u0144ski<\/p>\n\n\n\n<p>G\u00d3RY I HISTORIA 48 Most na szlaku Orle \u2013 Jizerka \u2013 Tomasz Rzeczycki<\/p>\n\n\n\n<p>G\u00d3RY I ZIMA 54<br>Kiedy znika \u015bnieg to\u2026 Subiektywny wyb\u00f3r propozycji na ma\u0142o \u015bnie\u017cn\u0105 zim\u0119 \u2013 Wojciech Szatkowski<\/p>\n\n\n\n<p>G\u00d3RY I LUDZIE 60 <br>Tatrza\u0144ski Ekspert. Czyli G\u00f3ral z Wilna i kilka wsp\u00f3lnych prze\u017cy\u0107 \u2013 Jacek P\u0142onczy\u0144ski<\/p>\n\n\n\n<p>G\u00d3RY I KULTURA 66<br>Ludowe opowie\u015bci z Tatr zebrane przez Alfr\u00e9da Grosza \u2013 Justyna Cz\u0105stka<\/p>\n\n\n\n<p>G\u00d3RY I HISTORIA 72<br>Spiski tajemnicze, tatrza\u0144skie r\u0119kopisy \u2013 Micha\u0142 Grabowski<\/p>\n\n\n\n<p>G\u00d3RY DALEKIE 78<br>Okruchy z G\u00f3r Skalistych \u2013 Piotr Smereka<\/p>\n\n\n\n<p>DZIEJE SI\u0118 W G\u00d3RACH 82<br>Korona Wojew\u00f3dztwa \u015al\u0105skiego. G\u00f3ry, pag\u00f3rki i wielka przygoda! \u2013 Tomasz Biernat<\/p>\n\n\n\n<p id=\"block-efccf7f9-0382-46d0-af3b-d5b40cdaba35\">G\u00d3RSKI PRZEGL\u0104D WYDAWNICZY 84 <br>G\u00f3ra ksi\u0105\u017cek \u2013 Sebastian K\u0142osok, Adrian Dudziak<\/p>\n\n\n\n<p><\/p>\n","protected":false},"excerpt":{"rendered":"<p>Od redakcji Zimy w tym roku nie by\u0142o w g\u00f3rach w\u0142a\u015bciwie wcale. Jedni si\u0119 ciesz\u0105, bo nie zmarzli, inni smuc\u0105, bo jak\u017cesz to tak bez \u015bniegu w g\u00f3rach\u2026 Wszyscy s\u0105 chyba zaskoczeniu i zaniepokojeni, bo to ju\u017c druga taka zima \u2013 nie-zima. Wiosna za to wybuch\u0142a! Zieleni\u0105, ciep\u0142em, zapachem! I susz\u0105\u2026 Pi\u0119knie, ale wci\u0105\u017c niepokoj\u0105co. [&hellip;]<\/p>\n","protected":false},"author":3,"featured_media":0,"parent":0,"menu_order":0,"comment_status":"closed","ping_status":"closed","template":"","meta":{"footnotes":""},"class_list":["post-935","page","type-page","status-publish","hentry"],"_links":{"self":[{"href":"https:\/\/gazetagorska.pttk.pl\/index.php\/wp-json\/wp\/v2\/pages\/935","targetHints":{"allow":["GET"]}}],"collection":[{"href":"https:\/\/gazetagorska.pttk.pl\/index.php\/wp-json\/wp\/v2\/pages"}],"about":[{"href":"https:\/\/gazetagorska.pttk.pl\/index.php\/wp-json\/wp\/v2\/types\/page"}],"author":[{"embeddable":true,"href":"https:\/\/gazetagorska.pttk.pl\/index.php\/wp-json\/wp\/v2\/users\/3"}],"replies":[{"embeddable":true,"href":"https:\/\/gazetagorska.pttk.pl\/index.php\/wp-json\/wp\/v2\/comments?post=935"}],"version-history":[{"count":1,"href":"https:\/\/gazetagorska.pttk.pl\/index.php\/wp-json\/wp\/v2\/pages\/935\/revisions"}],"predecessor-version":[{"id":939,"href":"https:\/\/gazetagorska.pttk.pl\/index.php\/wp-json\/wp\/v2\/pages\/935\/revisions\/939"}],"wp:attachment":[{"href":"https:\/\/gazetagorska.pttk.pl\/index.php\/wp-json\/wp\/v2\/media?parent=935"}],"curies":[{"name":"wp","href":"https:\/\/api.w.org\/{rel}","templated":true}]}}