{"id":995,"date":"2026-01-08T16:08:47","date_gmt":"2026-01-08T15:08:47","guid":{"rendered":"https:\/\/gazetagorska.pttk.pl\/?page_id=995"},"modified":"2026-01-13T11:56:16","modified_gmt":"2026-01-13T10:56:16","slug":"gazeta-gorska-nr-131-2025","status":"publish","type":"page","link":"https:\/\/gazetagorska.pttk.pl\/index.php\/gazeta-gorska-nr-131-2025\/","title":{"rendered":"Gazeta G\u00f3rska nr\u00a0131 2025"},"content":{"rendered":"\n<figure class=\"wp-block-image size-large\" id=\"block-55743330-2317-4d7d-ac66-aab36ca5e5a1\"><img loading=\"lazy\" decoding=\"async\" width=\"1024\" height=\"683\" src=\"https:\/\/gazetagorska.pttk.pl\/wp-content\/uploads\/2024\/07\/54836585316_54079222e0_o1-1024x683.jpg\" alt=\"\" class=\"wp-image-978\" srcset=\"https:\/\/gazetagorska.pttk.pl\/wp-content\/uploads\/2024\/07\/54836585316_54079222e0_o1-1024x683.jpg 1024w, https:\/\/gazetagorska.pttk.pl\/wp-content\/uploads\/2024\/07\/54836585316_54079222e0_o1-300x200.jpg 300w, https:\/\/gazetagorska.pttk.pl\/wp-content\/uploads\/2024\/07\/54836585316_54079222e0_o1-768x512.jpg 768w, https:\/\/gazetagorska.pttk.pl\/wp-content\/uploads\/2024\/07\/54836585316_54079222e0_o1-1536x1024.jpg 1536w, https:\/\/gazetagorska.pttk.pl\/wp-content\/uploads\/2024\/07\/54836585316_54079222e0_o1.jpg 1920w\" sizes=\"auto, (max-width: 1024px) 100vw, 1024px\" \/><\/figure>\n\n\n\n<h3 class=\"wp-block-heading\" id=\"block-0051bfc6-2b1b-4e1a-bc2d-5cda53067db3\">Od redakcji<\/h3>\n\n\n\n<p id=\"block-99167873-4318-4615-b983-b12943acfea1\">Czy jest tak czasem, \u017ce nie chce Was si\u0119 jecha\u0107 w g\u00f3ry? Zwyczajnie nie chce! Jest wolny weekend, \u017cadnych innych plan\u00f3w, \u0142adna pogoda, um\u00f3wione towarzystwo, a Wam si\u0119 nie chce? Wybieracie d\u0142u\u017csze spanie, spokojnie \u015bniadanie, kaw\u0119, ksi\u0105\u017ck\u0119 pod kocykiem, film, gotowanie dobrego obiadu czy domow\u0105 krz\u0105tanin\u0119? Bywa i tak\u2026 I czasem taki moment jest bardzo potrzebny! Ale ju\u017c tydzie\u0144 p\u00f3\u017aniej um\u00f3wiony, wyczekany wyjazd w g\u00f3ry jest tym na co czekamy i za czym t\u0119sknimy. Przychodzi sobotni poranek, wstajesz o \u015bwicie i jedziesz! I jest pi\u0119knie! W g\u00f3rach! Najlepiej! \u017bycz\u0119 jak najwi\u0119cej takich porannych, weekendowych wyj\u015b\u0107 w g\u00f3ry! Takich z ogromn\u0105 ekscytacj\u0105 i rado\u015bci\u0105! Ale \u017cycz te\u017c komfortu odpuszczenie, zostania w domu, nawet gdy wszystko sprzyja. Czasem warto! Ale tylko czasem! By m\u00f3c morzy\u0107 o dalekich g\u00f3rach, planowa\u0107 urlopy czy weekendowe wycieczki, zapraszam do lektury! Mo\u017ce na naszych \u0142amach znajdzie si\u0119 jaka\u015b mi\u0142a g\u00f3rska inspiracja.<br>Mo\u017ce Andora, a mo\u017ce Podhale? Mo\u017ce Rumunia albo Hong Kong? S\u0142owacja, Karkonosze i inne g\u00f3rskie historie?<br>Polecamy! Zapraszamy! Niech Wam si\u0119 chce i\u015b\u0107 w g\u00f3ry!<\/p>\n\n\n\n<figure class=\"wp-block-image size-large\" id=\"block-4524a194-a78c-4c52-9449-e01296d5bda9\"><img loading=\"lazy\" decoding=\"async\" width=\"722\" height=\"1024\" src=\"https:\/\/gazetagorska.pttk.pl\/wp-content\/uploads\/2024\/07\/GG131-okladka-DRUK-pol-722x1024.jpg\" alt=\"\" class=\"wp-image-980\" srcset=\"https:\/\/gazetagorska.pttk.pl\/wp-content\/uploads\/2024\/07\/GG131-okladka-DRUK-pol-722x1024.jpg 722w, https:\/\/gazetagorska.pttk.pl\/wp-content\/uploads\/2024\/07\/GG131-okladka-DRUK-pol-212x300.jpg 212w, https:\/\/gazetagorska.pttk.pl\/wp-content\/uploads\/2024\/07\/GG131-okladka-DRUK-pol-768x1089.jpg 768w, https:\/\/gazetagorska.pttk.pl\/wp-content\/uploads\/2024\/07\/GG131-okladka-DRUK-pol-1083x1536.jpg 1083w, https:\/\/gazetagorska.pttk.pl\/wp-content\/uploads\/2024\/07\/GG131-okladka-DRUK-pol-1444x2048.jpg 1444w, https:\/\/gazetagorska.pttk.pl\/wp-content\/uploads\/2024\/07\/GG131-okladka-DRUK-pol-scaled.jpg 1805w\" sizes=\"auto, (max-width: 722px) 100vw, 722px\" \/><\/figure>\n\n\n\n<h3 class=\"wp-block-heading\" id=\"block-c9736b10-2952-4471-ad7e-9af0ab1fc11f\">W numerze<\/h3>\n\n\n\n<p id=\"block-efccf7f9-0382-46d0-af3b-d5b40cdaba35\">CO NOWEGO W G\u00d3RACH? 4<br>Szybko, kr\u00f3tko \u2013 Marcin Bojarski, Raptularz G\u00f3rski \u2013 Janusz Konieczniak<\/p>\n\n\n\n<p>G\u00d3RY ZA MIEDZ\u0104 S\u0104SIADA 8<br>Zaproszenie w G\u00f3ry Bihorskie (Apuseni) \u2013 Jacek P\u0142onczy\u0144ski<\/p>\n\n\n\n<p>G\u00d3RY I LUDZIE 18 Karol Szymanowski na Podhalu \u2013 Ma\u0142gorzata Bednorz<\/p>\n\n\n\n<p>G\u00d3RY DALEKIE 28<br>Hong Kong, \u015bwiat na pograniczu Wschodu i Zachodu \u2013 Anna Kryszczak<\/p>\n\n\n\n<p>S\u0141OWACKI SPACER 36<br>Kamienne kule i \u201etureckie\u201d sza\u0144ce \u2013 Miros\u0142aw J. Bara\u0144ski<\/p>\n\n\n\n<p>G\u00d3RY NAJBLI\u017bSZE 46<br>\u015aladami zb\u00f3jnickiej legendy\u2026 Zb\u00f3jnicka \u015acie\u017cka Trzech Harnasi \u2013 Wojciech Szatkowski<\/p>\n\n\n\n<p>G\u00d3RY I HISTORIA 52 Kolej\u0105 w Karkonosze, czyli o trasie Jelenia G\u00f3ra \u2013 Karpacz \u2013 Tomasz Rzeczycki<\/p>\n\n\n\n<p>DZIEJE SI\u0118 W G\u00d3RACH 58<br>150-lecie przewodnictwa tatrza\u0144skiego Zakopane \u2013 Krak\u00f3w \u2013 Sebastian K\u0142osok<\/p>\n\n\n\n<p>G\u00d3RY ZA MIEDZ\u0104 S\u0104SIADA 62<br>La Volta a Andorra. Szlakiem s\u0142o\u0144ca i wiatru dooko\u0142a kraju \u2013 Olena Bondarenko<\/p>\n\n\n\n<p>G\u00d3RY I KULTURA 70 O ksi\u0105\u017cce \u201eW stron\u0119 ciszy\u201d, czyli Wielkiej Wojnie, Mallorym i podboju Everestu \u2013 Jacek P\u0142onczy\u0144ski<\/p>\n\n\n\n<p>G\u00d3RY I LUDZIE 82<br>Wyprawa poszukiwawcza, Babia G\u00f3ra 14 \u201317 czerwca 1965 roku \u2013 Ryszard Kurowski, Adam Jonak<\/p>\n\n\n\n<p><\/p>\n\n\n\n<h3 class=\"wp-block-heading\"><strong><a href=\"https:\/\/sklepcotg.pttk.pl\/pl\/c\/Gazeta-Gorska\/43\/1\/default\/11\" data-type=\"link\" data-id=\"https:\/\/sklepcotg.pttk.pl\/pl\/c\/Gazeta-Gorska\/43\/1\/default\/11\">Zam\u00f3w ten numer<\/a><\/strong><\/h3>\n\n\n\n<p><\/p>\n","protected":false},"excerpt":{"rendered":"<p>Od redakcji Czy jest tak czasem, \u017ce nie chce Was si\u0119 jecha\u0107 w g\u00f3ry? Zwyczajnie nie chce! Jest wolny weekend, \u017cadnych innych plan\u00f3w, \u0142adna pogoda, um\u00f3wione towarzystwo, a Wam si\u0119 nie chce? Wybieracie d\u0142u\u017csze spanie, spokojnie \u015bniadanie, kaw\u0119, ksi\u0105\u017ck\u0119 pod kocykiem, film, gotowanie dobrego obiadu czy domow\u0105 krz\u0105tanin\u0119? Bywa i tak\u2026 I czasem taki moment [&hellip;]<\/p>\n","protected":false},"author":3,"featured_media":0,"parent":0,"menu_order":0,"comment_status":"closed","ping_status":"closed","template":"","meta":{"footnotes":""},"class_list":["post-995","page","type-page","status-publish","hentry"],"_links":{"self":[{"href":"https:\/\/gazetagorska.pttk.pl\/index.php\/wp-json\/wp\/v2\/pages\/995","targetHints":{"allow":["GET"]}}],"collection":[{"href":"https:\/\/gazetagorska.pttk.pl\/index.php\/wp-json\/wp\/v2\/pages"}],"about":[{"href":"https:\/\/gazetagorska.pttk.pl\/index.php\/wp-json\/wp\/v2\/types\/page"}],"author":[{"embeddable":true,"href":"https:\/\/gazetagorska.pttk.pl\/index.php\/wp-json\/wp\/v2\/users\/3"}],"replies":[{"embeddable":true,"href":"https:\/\/gazetagorska.pttk.pl\/index.php\/wp-json\/wp\/v2\/comments?post=995"}],"version-history":[{"count":4,"href":"https:\/\/gazetagorska.pttk.pl\/index.php\/wp-json\/wp\/v2\/pages\/995\/revisions"}],"predecessor-version":[{"id":1016,"href":"https:\/\/gazetagorska.pttk.pl\/index.php\/wp-json\/wp\/v2\/pages\/995\/revisions\/1016"}],"wp:attachment":[{"href":"https:\/\/gazetagorska.pttk.pl\/index.php\/wp-json\/wp\/v2\/media?parent=995"}],"curies":[{"name":"wp","href":"https:\/\/api.w.org\/{rel}","templated":true}]}}